{"id":7435,"date":"2019-09-15T14:24:22","date_gmt":"2019-09-15T13:24:22","guid":{"rendered":"https:\/\/esperanto.berlin\/?page_id=7435"},"modified":"2019-12-19T11:11:03","modified_gmt":"2019-12-19T10:11:03","slug":"frue-ol-2019","status":"publish","type":"page","link":"https:\/\/esperanto.berlin\/de\/frue-ol-2019\/","title":{"rendered":"&#8230;.bis 2019"},"content":{"rendered":"<p>Zur Dokumentation des fr\u00fcheren Zustands (vor Herbst 2019) werden die Verweise zu den alten Eintr\u00e4gen hier weiter zug\u00e4nglich.<\/p>\n<p>Es hat 2019 die folgenden Ver\u00e4nderungen gegeben:<\/p>\n<ul>\n<li>Die Veranstaltungsreihe in der<strong> Danziger50<\/strong> wurde beendet und wird am Viktoriapark in Kreuzberg fortgesetzt. <a href=\"https:\/\/esperanto.berlin\/de\/grupoj\/danziger-50\/\">Alter Verweis<\/a><\/li>\n<li>Die Gruppe bei den Piraten wurde gestrichen, nachdem es monatelang keine R\u00fcckmeldung \u00fcber Aktivit\u00e4ten gab <a href=\"https:\/\/esperanto.berlin\/de\/grupoj\/pirata-esperanto-skvadro\/\">(Alter Verweis<\/a>)<\/li>\n<li>Die Donnerstagsrunde hat nach \u00dcberf\u00fchrung der Esperanto-Bibliothek in den Esperanto-Laden ihren Standort verloren (<a href=\"https:\/\/esperanto.berlin\/de\/grupoj\/donnerstagsrunde\/\">Alter Verweis<\/a>)<\/li>\n<li>Das Treffen im Restaurant AREMA in Moabit war schon 2018 in das benachbarte Restaurant <a href=\"https:\/\/esperanto.berlin\/lichtblick-feb-2019\/\">Lichtblick<\/a> verlegt worden. (Alter Verweis)<\/li>\n<\/ul>\n<p><\/p>","protected":false},"excerpt":{"rendered":"<p>Zur Dokumentation des fr\u00fcheren Zustands (vor Herbst 2019) werden die Verweise zu den alten Eintr\u00e4gen hier weiter zug\u00e4nglich. Es hat 2019 die folgenden Ver\u00e4nderungen gegeben: Die Veranstaltungsreihe in der Danziger50 wurde beendet und wird am Viktoriapark in Kreuzberg fortgesetzt. Alter &hellip; <a href=\"https:\/\/esperanto.berlin\/de\/frue-ol-2019\/\">Weiterlesen <span class=\"meta-nav\">&rarr;<\/span><\/a><\/p>\n","protected":false},"author":20,"featured_media":0,"parent":0,"menu_order":0,"comment_status":"closed","ping_status":"closed","template":"","meta":{"footnotes":""},"jetpack_shortlink":"https:\/\/wp.me\/Par8jA-1VV","_links":{"self":[{"href":"https:\/\/esperanto.berlin\/de\/wp-json\/wp\/v2\/pages\/7435"}],"collection":[{"href":"https:\/\/esperanto.berlin\/de\/wp-json\/wp\/v2\/pages"}],"about":[{"href":"https:\/\/esperanto.berlin\/de\/wp-json\/wp\/v2\/types\/page"}],"author":[{"embeddable":true,"href":"https:\/\/esperanto.berlin\/de\/wp-json\/wp\/v2\/users\/20"}],"replies":[{"embeddable":true,"href":"https:\/\/esperanto.berlin\/de\/wp-json\/wp\/v2\/comments?post=7435"}],"version-history":[{"count":5,"href":"https:\/\/esperanto.berlin\/de\/wp-json\/wp\/v2\/pages\/7435\/revisions"}],"predecessor-version":[{"id":7836,"href":"https:\/\/esperanto.berlin\/de\/wp-json\/wp\/v2\/pages\/7435\/revisions\/7836"}],"wp:attachment":[{"href":"https:\/\/esperanto.berlin\/de\/wp-json\/wp\/v2\/media?parent=7435"}],"curies":[{"name":"wp","href":"https:\/\/api.w.org\/{rel}","templated":true}]}}