{"id":9052,"date":"2021-04-18T21:24:02","date_gmt":"2021-04-18T20:24:02","guid":{"rendered":"https:\/\/esperanto.berlin\/?page_id=9052"},"modified":"2021-04-19T12:07:51","modified_gmt":"2021-04-19T11:07:51","slug":"deutsch-arbeitsblatter-lietzensee","status":"publish","type":"page","link":"https:\/\/esperanto.berlin\/de\/terapio\/deutsch-arbeitsblatter-lietzensee\/","title":{"rendered":"Arbeitsbl\u00e4tter Lietzensee"},"content":{"rendered":"<p><div id=\"attachment_9047\" style=\"width: 266px\" class=\"wp-caption alignright\"><img loading=\"lazy\" decoding=\"async\" aria-describedby=\"caption-attachment-9047\" class=\" wp-image-9047\" src=\"https:\/\/esperanto.berlin\/wp-content\/uploads\/2021\/04\/Haus-Herbartstr.-bunt.jpg\" alt=\"\" width=\"256\" height=\"197\" \/><p id=\"caption-attachment-9047\" class=\"wp-caption-text\">Das Haus in der Herbartstr. 25 in Charlottenburg<\/p><\/div><\/p>\n<p>Die Treffen finden Montags von 14 bis 16 Uhr in der Herbarstrasse 25 statt.<\/p>\n<p class=\"klarigo-western\">Da die Teilnehmer in der Regel Vorkenntnisse haben, ist es kein reiner Anf\u00e4ngerkurs.<\/p>\n<p class=\"klarigo-western\">Es wird jeweils ein Arbeitsblatt mit einem kurzen Text ausgegeben, das zum Lesen (Aussprache), \u00dcbersetzen und Kennenlernen der Grammatik verwendet wird.<\/p>\n<p class=\"klarigo-western\">Die Arbeitsbl\u00e4tter k\u00f6nnen hier als PDF zum Ausdrucken heruntergeladen werden oder werden mit der Post zugesandt.<\/p>\n<p><img loading=\"lazy\" decoding=\"async\" class=\"size-full wp-image-9053 alignright\" src=\"https:\/\/esperanto.berlin\/wp-content\/uploads\/2021\/04\/Majo-1-demo.jpg\" alt=\"\" width=\"300\" height=\"424\" \/>Das Arbeitsblatt vom 19. April 2012 beispielsweise sieht so aus.<\/p>\n<p>Es enth\u00e4lt passend zur Jahreszeit das Gedicht &#8220;Bela Majo&#8221;, in dem es hei\u00dft:<\/p>\n<p class=\"klarigo-western\">Maja varmo, maja \u0109armo<br \/>\nRegas en arbaro,<br \/>\nJen en danc\u2019 insekta svarmo,<br \/>\nSuper floro-maro.<\/p>\n<p class=\"klarigo-1-western\">Maja helo, maja belo,<br \/>\nSub la verdaj haloj<br \/>\nVasta de l\u2019 foli-ombrelo<br \/>\nFloras la konvaloj.<\/p>\n<p>und das ist eine g\u00fcnstige Gelegenheit auf das selten gebrauchte Wort <a href=\"https:\/\/eo.wikipedia.org\/wiki\/Konvalo\">konvalo<\/a> (Maigl\u00f6ckchen) hinzuweisen, das immerhin schon einen Eintrag in der Espeanto-Wikipedia hat.<\/p>\n<p><img loading=\"lazy\" decoding=\"async\" class=\"size-full wp-image-9054 alignleft\" src=\"https:\/\/esperanto.berlin\/wp-content\/uploads\/2021\/04\/Majo-2-demo.jpg\" alt=\"\" width=\"300\" height=\"424\" \/>Zu jedem Text gibt es ein Verzeichnis der vorkommenden Haupt- und Eigenschaftsw\u00f6rter, sowie Adverbien, mit Ausnahme der Struktur- und Tabellw\u00f6rter, die in jedem Arbeitsblatt ben\u00f6tigt werden.<\/p>\n<p>Dazu gibt es Erkl\u00e4rungen, die sich auf den Inhalt des Textes beziehen. In diesem Fall ein Auszug aus der Definition von konvalo und eine passende Grafik.<\/p>\n<p>Dieses Blatt (2 Seiten A4) kann <a href=\"https:\/\/esperanto.berlin\/wp-content\/uploads\/2021\/04\/Majo-V-2.pdf\">als PDF heruntergeladen werden<\/a>.<\/p>\n<p>Andere Arbeitsbl\u00e4tter behandeln die Fabel von dem Fuchs und den Weinbeeren in zwei verschiedenen Fassungen oder haben das Gedicht von Karl Vanselow \u00fcber eine Seereise beim italienischen Esperanto-Kongress 1935 zum Thema. Die Arbeitsbl\u00e4tter werden laufend erg\u00e4nzt, wenn sich passende Texte finden.<\/p>\n<p>Die Texte sollen am\u00fcsant und nicht zu lang sein.<\/p>\n<p>&nbsp;<\/p>","protected":false},"excerpt":{"rendered":"<p>Die Treffen finden Montags von 14 bis 16 Uhr in der Herbarstrasse 25 statt. Da die Teilnehmer in der Regel Vorkenntnisse haben, ist es kein reiner Anf\u00e4ngerkurs. Es wird jeweils ein Arbeitsblatt mit einem kurzen Text ausgegeben, das zum Lesen &hellip; <a href=\"https:\/\/esperanto.berlin\/de\/terapio\/deutsch-arbeitsblatter-lietzensee\/\">Weiterlesen <span class=\"meta-nav\">&rarr;<\/span><\/a><\/p>\n","protected":false},"author":8,"featured_media":0,"parent":7654,"menu_order":0,"comment_status":"closed","ping_status":"closed","template":"","meta":{"footnotes":""},"jetpack_shortlink":"https:\/\/wp.me\/Par8jA-2m0","_links":{"self":[{"href":"https:\/\/esperanto.berlin\/de\/wp-json\/wp\/v2\/pages\/9052"}],"collection":[{"href":"https:\/\/esperanto.berlin\/de\/wp-json\/wp\/v2\/pages"}],"about":[{"href":"https:\/\/esperanto.berlin\/de\/wp-json\/wp\/v2\/types\/page"}],"author":[{"embeddable":true,"href":"https:\/\/esperanto.berlin\/de\/wp-json\/wp\/v2\/users\/8"}],"replies":[{"embeddable":true,"href":"https:\/\/esperanto.berlin\/de\/wp-json\/wp\/v2\/comments?post=9052"}],"version-history":[{"count":3,"href":"https:\/\/esperanto.berlin\/de\/wp-json\/wp\/v2\/pages\/9052\/revisions"}],"predecessor-version":[{"id":9061,"href":"https:\/\/esperanto.berlin\/de\/wp-json\/wp\/v2\/pages\/9052\/revisions\/9061"}],"up":[{"embeddable":true,"href":"https:\/\/esperanto.berlin\/de\/wp-json\/wp\/v2\/pages\/7654"}],"wp:attachment":[{"href":"https:\/\/esperanto.berlin\/de\/wp-json\/wp\/v2\/media?parent=9052"}],"curies":[{"name":"wp","href":"https:\/\/api.w.org\/{rel}","templated":true}]}}